{"id":18309,"date":"2019-07-16T17:38:55","date_gmt":"2019-07-16T15:38:55","guid":{"rendered":"https:\/\/www.instawood.com\/?page_id=18309"},"modified":"2025-05-05T11:15:13","modified_gmt":"2025-05-05T09:15:13","slug":"magasins","status":"publish","type":"page","link":"https:\/\/www.instawood.com\/fr\/magasins\/","title":{"rendered":"Magasins"},"content":{"rendered":"<p>[et_pb_section fb_built=\u00a0\u00bb1&Prime; specialty=\u00a0\u00bbon\u00a0\u00bb _builder_version=\u00a0\u00bb4.16&Prime; custom_padding=\u00a0\u00bb60px|0px|31px|0px|false|false\u00a0\u00bb global_colors_info=\u00a0\u00bb{}\u00a0\u00bb][et_pb_column type=\u00a0\u00bb1_2&Prime; specialty_columns=\u00a0\u00bb2&Prime; _builder_version=\u00a0\u00bb4.16&Prime; custom_padding=\u00a0\u00bb|||\u00a0\u00bb global_colors_info=\u00a0\u00bb{}\u00a0\u00bb custom_padding__hover=\u00a0\u00bb|||\u00a0\u00bb][et_pb_row_inner _builder_version=\u00a0\u00bb4.16&Prime; custom_padding=\u00a0\u00bb28.1562px|0px|0|0px|false|false\u00a0\u00bb global_colors_info=\u00a0\u00bb{}\u00a0\u00bb][et_pb_column_inner saved_specialty_column_type=\u00a0\u00bb1_2&Prime; _builder_version=\u00a0\u00bb4.16&Prime; custom_padding=\u00a0\u00bb|||\u00a0\u00bb global_colors_info=\u00a0\u00bb{}\u00a0\u00bb custom_padding__hover=\u00a0\u00bb|||\u00a0\u00bb][et_pb_text _builder_version=\u00a0\u00bb4.16&Prime; header_font=\u00a0\u00bb||||||||\u00a0\u00bb header_text_align=\u00a0\u00bbleft\u00a0\u00bb header_text_color=\u00a0\u00bb#000000&Prime; header_font_size=\u00a0\u00bb27px\u00a0\u00bb global_colors_info=\u00a0\u00bb{}\u00a0\u00bb]<\/p>\n<h1><\/h1>\n<h1><\/h1>\n<h1><span style=\"font-size: 27px;\">Les magasins Instawood<\/span><\/h1>\n<p>[\/et_pb_text][\/et_pb_column_inner][\/et_pb_row_inner][et_pb_row_inner _builder_version=\u00a0\u00bb4.16&Prime; custom_padding=\u00a0\u00bb22px|0px|0|0px|false|false\u00a0\u00bb global_colors_info=\u00a0\u00bb{}\u00a0\u00bb][et_pb_column_inner saved_specialty_column_type=\u00a0\u00bb1_2&Prime; _builder_version=\u00a0\u00bb4.16&Prime; custom_padding=\u00a0\u00bb|||\u00a0\u00bb global_colors_info=\u00a0\u00bb{}\u00a0\u00bb custom_padding__hover=\u00a0\u00bb|||\u00a0\u00bb][et_pb_text _builder_version=\u00a0\u00bb4.18.1&Prime; text_font=\u00a0\u00bbDinPro||||||||\u00a0\u00bb text_text_color=\u00a0\u00bb#000000&Prime; text_font_size=\u00a0\u00bb16px\u00a0\u00bb text_line_height=\u00a0\u00bb2em\u00a0\u00bb header_font=\u00a0\u00bb||||||||\u00a0\u00bb header_2_font=\u00a0\u00bbDinPro||||||||\u00a0\u00bb header_2_text_color=\u00a0\u00bb#000000&Prime; header_2_font_size=\u00a0\u00bb21px\u00a0\u00bb max_width=\u00a0\u00bb90%\u00a0\u00bb custom_margin=\u00a0\u00bb21px|||\u00a0\u00bb inline_fonts=\u00a0\u00bbDancing Script,DinPro\u00a0\u00bb global_colors_info=\u00a0\u00bb{}\u00a0\u00bb]<\/p>\n<h2>Instawood Galerie Royale Saint-Hubert<\/h2>\n<p>&nbsp;<\/p>\n<p class=\"font_7\"><span style=\"font-family: DinPro;\"><span>En plein c\u0153ur de Bruxelles, \u00e0 deux pas de la Grand-Place<\/span>, venez d\u00e9couvrir nos collections d&rsquo;Artprint, ainsi que nos Lightbox, et Accesoires, dans les majestueuses <em>Galeries Royales Saint-Hubert<\/em><span> <\/span>.<\/span><span style=\"font-family: DinPro; font-size: 16px;\">\u00a0<\/span><\/p>\n<p class=\"font_7\"><span style=\"font-family: DinPro;\">Vous pouvez \u00e9galement retirer vos commandes pendant les horaires d&rsquo;ouverture.\u00a0<\/span><\/p>\n<p class=\"font_7\">\n<p>[\/et_pb_text][\/et_pb_column_inner][\/et_pb_row_inner][et_pb_row_inner _builder_version=\u00a0\u00bb4.16&Prime; custom_padding=\u00a0\u00bb28.1562px|0px|16px|0px|false|false\u00a0\u00bb global_colors_info=\u00a0\u00bb{}\u00a0\u00bb][et_pb_column_inner saved_specialty_column_type=\u00a0\u00bb1_2&Prime; _builder_version=\u00a0\u00bb4.16&Prime; custom_padding=\u00a0\u00bb|||\u00a0\u00bb global_colors_info=\u00a0\u00bb{}\u00a0\u00bb custom_padding__hover=\u00a0\u00bb|||\u00a0\u00bb][et_pb_text _builder_version=\u00a0\u00bb4.18.1&Prime; text_font=\u00a0\u00bbDinPro-Medium||||||||\u00a0\u00bb text_text_color=\u00a0\u00bb#000000&Prime; text_font_size=\u00a0\u00bb22px\u00a0\u00bb custom_margin=\u00a0\u00bb||0px|\u00a0\u00bb custom_padding=\u00a0\u00bb||0px|||\u00a0\u00bb global_colors_info=\u00a0\u00bb{}\u00a0\u00bb]<\/p>\n<p><img loading=\"lazy\" decoding=\"async\" src=\"https:\/\/i0.wp.com\/www.instawood.com\/wp-content\/uploads\/2019\/02\/placeholder-5.png?resize=21%2C16&#038;ssl=1\" width=\"21\" height=\"16\" alt=\"\" class=\"wp-image-1129 alignnone size-full\" data-recalc-dims=\"1\" \/> Galerie du Roi 16, 1000 Bruxelles<\/p>\n<p><span style=\"font-size: medium;\">Le magasin est ouvert tous les jours de 11h \u00e0 19h\u00a0<\/span><\/p>\n<p>[\/et_pb_text][\/et_pb_column_inner][\/et_pb_row_inner][\/et_pb_column][et_pb_column type=\u00a0\u00bb1_2&Prime; _builder_version=\u00a0\u00bb4.16&Prime; custom_padding=\u00a0\u00bb|||\u00a0\u00bb global_colors_info=\u00a0\u00bb{}\u00a0\u00bb custom_padding__hover=\u00a0\u00bb|||\u00a0\u00bb][et_pb_image src=\u00a0\u00bbhttps:\/\/www.instawood.com\/wp-content\/uploads\/2024\/07\/Capture-decran-2024-07-17-a-14.57.06.png\u00a0\u00bb title_text=\u00a0\u00bbCapture d\u2019e\u0301cran 2024-07-17 a\u0300 14.57.06&Prime; align_tablet=\u00a0\u00bbcenter\u00a0\u00bb align_phone=\u00a0\u00bb\u00a0\u00bb align_last_edited=\u00a0\u00bbon|desktop\u00a0\u00bb disabled_on=\u00a0\u00bbon|on|off\u00a0\u00bb _builder_version=\u00a0\u00bb4.18.1&Prime; background_color=\u00a0\u00bb#000000&Prime; max_width=\u00a0\u00bb90%\u00a0\u00bb module_alignment=\u00a0\u00bbcenter\u00a0\u00bb min_height=\u00a0\u00bb172.8px\u00a0\u00bb custom_margin=\u00a0\u00bb58px|||||\u00a0\u00bb custom_padding=\u00a0\u00bb0px|||||\u00a0\u00bb animation_style=\u00a0\u00bbfade\u00a0\u00bb border_width_all=\u00a0\u00bb4px\u00a0\u00bb border_color_all=\u00a0\u00bb#000000&Prime; global_colors_info=\u00a0\u00bb{}\u00a0\u00bb][\/et_pb_image][\/et_pb_column][\/et_pb_section][et_pb_section fb_built=\u00a0\u00bb1&Prime; specialty=\u00a0\u00bbon\u00a0\u00bb _builder_version=\u00a0\u00bb4.16&Prime; custom_padding=\u00a0\u00bb60px|0px|31px|0px|false|false\u00a0\u00bb global_colors_info=\u00a0\u00bb{}\u00a0\u00bb][et_pb_column type=\u00a0\u00bb1_2&Prime; specialty_columns=\u00a0\u00bb2&Prime; _builder_version=\u00a0\u00bb4.16&Prime; custom_padding=\u00a0\u00bb|||\u00a0\u00bb global_colors_info=\u00a0\u00bb{}\u00a0\u00bb custom_padding__hover=\u00a0\u00bb|||\u00a0\u00bb][et_pb_row_inner _builder_version=\u00a0\u00bb4.16&Prime; custom_padding=\u00a0\u00bb22px|0px|0|0px|false|false\u00a0\u00bb global_colors_info=\u00a0\u00bb{}\u00a0\u00bb][et_pb_column_inner saved_specialty_column_type=\u00a0\u00bb1_2&Prime; _builder_version=\u00a0\u00bb4.16&Prime; custom_padding=\u00a0\u00bb|||\u00a0\u00bb global_colors_info=\u00a0\u00bb{}\u00a0\u00bb custom_padding__hover=\u00a0\u00bb|||\u00a0\u00bb][et_pb_text _builder_version=\u00a0\u00bb4.18.1&Prime; text_font=\u00a0\u00bbDinPro||||||||\u00a0\u00bb text_text_color=\u00a0\u00bb#000000&Prime; text_font_size=\u00a0\u00bb16px\u00a0\u00bb text_line_height=\u00a0\u00bb2em\u00a0\u00bb header_font=\u00a0\u00bb||||||||\u00a0\u00bb header_2_font=\u00a0\u00bbDinPro||||||||\u00a0\u00bb header_2_text_color=\u00a0\u00bb#000000&Prime; header_2_font_size=\u00a0\u00bb21px\u00a0\u00bb max_width=\u00a0\u00bb90%\u00a0\u00bb custom_margin=\u00a0\u00bb21px|||\u00a0\u00bb inline_fonts=\u00a0\u00bbDancing Script,DinPro\u00a0\u00bb global_colors_info=\u00a0\u00bb{}\u00a0\u00bb]<\/p>\n<h2>Instawood Marolles<\/h2>\n<p>&nbsp;<\/p>\n<p><span>Situ\u00e9 dans le quartier populaire des Marolles, venez d\u00e9couvrir nos collections d\u2019Artprint, ainsi que nos Lightbox, Accesoires et Lettrage.<\/span><\/p>\n<p class=\"font_7\"><span>Sur place, Il est possible de faire des Tirages Photos minute sur bois.\u00a0<\/span><\/p>\n<p class=\"font_7\"><span>Vous pouvez \u00e9galement retirer vos commandes pendant les horaires d\u2019ouverture.<\/span><\/p>\n<p class=\"font_7\">\n<p>[\/et_pb_text][\/et_pb_column_inner][\/et_pb_row_inner][et_pb_row_inner _builder_version=\u00a0\u00bb4.16&Prime; custom_padding=\u00a0\u00bb28.1562px|0px|16px|0px|false|false\u00a0\u00bb global_colors_info=\u00a0\u00bb{}\u00a0\u00bb][et_pb_column_inner saved_specialty_column_type=\u00a0\u00bb1_2&Prime; _builder_version=\u00a0\u00bb4.16&Prime; custom_padding=\u00a0\u00bb|||\u00a0\u00bb global_colors_info=\u00a0\u00bb{}\u00a0\u00bb custom_padding__hover=\u00a0\u00bb|||\u00a0\u00bb][et_pb_text _builder_version=\u00a0\u00bb4.18.1&Prime; text_font=\u00a0\u00bbDinPro-Medium||||||||\u00a0\u00bb text_text_color=\u00a0\u00bb#000000&Prime; text_font_size=\u00a0\u00bb22px\u00a0\u00bb custom_margin=\u00a0\u00bb||0px|\u00a0\u00bb custom_padding=\u00a0\u00bb||0px|||\u00a0\u00bb global_colors_info=\u00a0\u00bb{}\u00a0\u00bb]<\/p>\n<p><img loading=\"lazy\" decoding=\"async\" src=\"https:\/\/i0.wp.com\/www.instawood.com\/wp-content\/uploads\/2019\/02\/placeholder-5.png?resize=21%2C16&#038;ssl=1\" width=\"21\" height=\"16\" alt=\"\" class=\"wp-image-1129 alignnone size-full\" data-recalc-dims=\"1\" \/> Rue Haute 109, 1000 Bruxelles<\/p>\n<p><span style=\"font-size: medium;\">Le magasin est ouvert tous les samedi et dimanche de 11h \u00e0 18h\u00a0<\/span><\/p>\n<p>[\/et_pb_text][\/et_pb_column_inner][\/et_pb_row_inner][\/et_pb_column][et_pb_column type=\u00a0\u00bb1_2&Prime; _builder_version=\u00a0\u00bb4.16&Prime; custom_padding=\u00a0\u00bb|||\u00a0\u00bb global_colors_info=\u00a0\u00bb{}\u00a0\u00bb custom_padding__hover=\u00a0\u00bb|||\u00a0\u00bb][et_pb_image src=\u00a0\u00bbhttps:\/\/www.instawood.com\/wp-content\/uploads\/2022\/11\/instawood-marolles.jpg\u00a0\u00bb title_text=\u00a0\u00bbinstawood marolles\u00a0\u00bb align_tablet=\u00a0\u00bbcenter\u00a0\u00bb align_phone=\u00a0\u00bb\u00a0\u00bb align_last_edited=\u00a0\u00bbon|desktop\u00a0\u00bb disabled_on=\u00a0\u00bbon|on|off\u00a0\u00bb _builder_version=\u00a0\u00bb4.18.1&Prime; background_color=\u00a0\u00bb#000000&Prime; max_width=\u00a0\u00bb90%\u00a0\u00bb module_alignment=\u00a0\u00bbcenter\u00a0\u00bb min_height=\u00a0\u00bb172.8px\u00a0\u00bb custom_margin=\u00a0\u00bb58px|||||\u00a0\u00bb custom_padding=\u00a0\u00bb0px|||||\u00a0\u00bb animation_style=\u00a0\u00bbfade\u00a0\u00bb border_width_all=\u00a0\u00bb4px\u00a0\u00bb border_color_all=\u00a0\u00bb#000000&Prime; global_colors_info=\u00a0\u00bb{}\u00a0\u00bb][\/et_pb_image][\/et_pb_column][\/et_pb_section]<\/p>\n","protected":false},"excerpt":{"rendered":"<p>Les magasins InstawoodInstawood Galerie Royale Saint-Hubert &nbsp; En plein c\u0153ur de Bruxelles, \u00e0 deux pas de la Grand-Place, venez d\u00e9couvrir nos collections d&rsquo;Artprint, ainsi que nos Lightbox, et Accesoires, dans les majestueuses Galeries Royales Saint-Hubert .\u00a0 Vous pouvez \u00e9galement retirer vos commandes pendant les horaires d&rsquo;ouverture.\u00a0 Galerie du Roi 16, 1000 Bruxelles Le magasin est [&hellip;]<\/p>\n","protected":false},"author":3,"featured_media":0,"parent":0,"menu_order":0,"comment_status":"closed","ping_status":"closed","template":"","meta":{"_et_pb_use_builder":"on","_et_pb_old_content":"[et_pb_section fb_built=\"1\" specialty=\"on\" _builder_version=\"3.22.3\" custom_padding=\"60px|0px|31px|0px|false|false\"][et_pb_column type=\"1_2\" specialty_columns=\"2\" _builder_version=\"3.0.47\"][et_pb_row_inner custom_padding=\"28.1562px|0px|0|0px|false|false\" _builder_version=\"3.15\"][et_pb_column_inner type=\"4_4\" saved_specialty_column_type=\"1_2\" _builder_version=\"3.0.47\"][et_pb_text _builder_version=\"3.22.4\" header_font=\"||||||||\" header_text_align=\"left\" header_text_color=\"#000000\" header_font_size=\"27px\"]\n<h1>Le magasin Instawood<\/h1>\n[\/et_pb_text][\/et_pb_column_inner][\/et_pb_row_inner][et_pb_row_inner custom_padding=\"22px|0px|0|0px|false|false\" _builder_version=\"3.15\"][et_pb_column_inner type=\"4_4\" saved_specialty_column_type=\"1_2\" _builder_version=\"3.0.47\"][et_pb_text _builder_version=\"3.15\" text_font=\"DinPro||||||||\" text_text_color=\"#000000\" text_font_size=\"16px\" text_line_height=\"2em\" header_font=\"||||||||\" header_2_font=\"DinPro||||||||\" header_2_text_color=\"#000000\" header_2_font_size=\"21px\" max_width=\"90%\" custom_margin=\"21px|||\" inline_fonts=\"Dancing Script\"]\n<h2>Atelier en ville<\/h2>\n<p class=\"font_7\"><span>Il est toujours possible de faire une pause coffee \u00e0 L'Atelier En Ville.&nbsp;\n<\/span>Dans&nbsp;Les Marolles, il est agr\u00e9able de se d\u00e9tendre dans le jardin apr\u00e8s avoir fl\u00e2n\u00e9 Place du Jeu de Balle, un bagel mozza, une infusion gingembre cannelle et c'est reparti...\n\n[\/et_pb_text][\/et_pb_column_inner][\/et_pb_row_inner][et_pb_row_inner custom_padding=\"28.1562px|0px|16px|0px|false|false\" _builder_version=\"3.15\"][et_pb_column_inner type=\"4_4\" saved_specialty_column_type=\"1_2\" _builder_version=\"3.0.47\"][et_pb_text _builder_version=\"3.15\" text_font=\"DinPro-Medium||||||||\" text_text_color=\"#000000\" text_font_size=\"22px\" custom_margin=\"||0px|\" custom_padding=\"||0px|\"]<img src=\"https:\/\/www.instawood.com\/wp-content\/uploads\/2019\/02\/placeholder-5.png\" width=\"21\" height=\"16\" alt=\"\" class=\"wp-image-1129 alignnone size-full\">&nbsp;Rue haute 64, 1000 Bruxelles[\/et_pb_text][\/et_pb_column_inner][\/et_pb_row_inner][\/et_pb_column][et_pb_column type=\"1_2\" _builder_version=\"3.0.47\"][et_pb_image src=\"https:\/\/www.instawood.com\/wp-content\/uploads\/2018\/12\/43083244_336843123533259_8737758675138184776_n.jpg\" disabled_on=\"on|on|off\" _builder_version=\"3.15\" border_color_all=\"#000000\" box_shadow_style=\"preset1\" max_width=\"70%\" module_alignment=\"center\" custom_margin=\"50px|||\" animation_style=\"fade\"][\/et_pb_image][\/et_pb_column][\/et_pb_section]","_et_gb_content_width":"","inline_featured_image":false,"footnotes":""},"class_list":["post-18309","page","type-page","status-publish","hentry"],"acf":[],"translations":{"fr":18309,"en":24765},"_links":{"self":[{"href":"https:\/\/www.instawood.com\/fr\/wp-json\/wp\/v2\/pages\/18309","targetHints":{"allow":["GET"]}}],"collection":[{"href":"https:\/\/www.instawood.com\/fr\/wp-json\/wp\/v2\/pages"}],"about":[{"href":"https:\/\/www.instawood.com\/fr\/wp-json\/wp\/v2\/types\/page"}],"author":[{"embeddable":true,"href":"https:\/\/www.instawood.com\/fr\/wp-json\/wp\/v2\/users\/3"}],"replies":[{"embeddable":true,"href":"https:\/\/www.instawood.com\/fr\/wp-json\/wp\/v2\/comments?post=18309"}],"version-history":[{"count":6,"href":"https:\/\/www.instawood.com\/fr\/wp-json\/wp\/v2\/pages\/18309\/revisions"}],"predecessor-version":[{"id":117545,"href":"https:\/\/www.instawood.com\/fr\/wp-json\/wp\/v2\/pages\/18309\/revisions\/117545"}],"wp:attachment":[{"href":"https:\/\/www.instawood.com\/fr\/wp-json\/wp\/v2\/media?parent=18309"}],"curies":[{"name":"wp","href":"https:\/\/api.w.org\/{rel}","templated":true}]}}